{"id":1987,"date":"2015-01-22T16:18:28","date_gmt":"2015-01-22T14:18:28","guid":{"rendered":"http:\/\/muzejtravnik.ba\/en\/?page_id=1987"},"modified":"2015-01-23T09:47:54","modified_gmt":"2015-01-23T07:47:54","slug":"1987-2","status":"publish","type":"page","link":"https:\/\/muzejtravnik.ba\/en\/zavicajni-muzej-travnik\/1987-2\/","title":{"rendered":"Publishing"},"content":{"rendered":"<p><span style=\"color: #000000; font-size: 12pt;\">An important spot within the frame of activities of the Museum of Travnik is publishing. It had started during the first years of this institution and it continues today. As well as an anthology, a few monographs (within the \u201cSediment\u201d edition) on local subjects have been published. Along with the thematic expositions, catalogues, cards, posters and calendars are also printed regularly.\u00a0<\/span><\/p>\n<p>&nbsp;<\/p>\n<p><img loading=\"lazy\" decoding=\"async\" class=\" alignleft\" src=\"http:\/\/muzejtravnik.ba\/en\/images\/stories\/vodic_bh.jpg\" alt=\"\" width=\"125\" height=\"171\" border=\"0\" \/><\/p>\n<p><span style=\"color: #993300;\">\u00a0<span style=\"font-size: 12pt;\">Vodi\u010d kroz pro\u0161loststarine i prirodno naslije\u0111e travni\u010dkog kraja<\/span><\/span><span style=\"font-size: 12pt;\"><span style=\"color: #993300;\">\u00a0<\/span><span style=\"color: #000000;\">\u00a0 <\/span><span style=\"color: #000000;\">\u00a0<\/span><\/span><\/p>\n<p><span style=\"color: #000000; font-size: 12pt;\">\u00a0<span style=\"font-size: 10pt;\">Editor:\u00a0 Fatima Masli\u0107 i Dragana Baner<\/span><\/span><\/p>\n<p><span style=\"color: #000000; font-size: 10pt;\">\u00a02006.<\/span><\/p>\n<p><span style=\"color: #000000; font-size: 10pt;\">\u00a0Price:\u00a07,00 KM<\/span><\/p>\n<p>&nbsp;<\/p>\n<p><span style=\"font-size: 10pt; color: #000000;\"><img loading=\"lazy\" decoding=\"async\" class=\" alignleft\" src=\"http:\/\/muzejtravnik.ba\/en\/images\/stories\/slike\/vodic_en.jpg\" alt=\"\" width=\"124\" height=\"174\" border=\"0\" \/><\/span><\/p>\n<p><span style=\"font-size: 10pt; color: #000000;\"><span style=\"color: #000000;\"><span style=\"color: #993300;\">\u00a0<span style=\"font-size: 12pt;\">A guide through history The antiques and the nature heritage of Travnik area<\/span><\/span><\/span><\/span><\/p>\n<p><span style=\"font-size: 12pt;\"><span style=\"color: #000000;\"><span style=\"color: #000000;\">\u00a0<\/span><\/span><span style=\"color: #000000; font-size: 10pt;\"><span style=\"color: #000000;\">Editor: Fatima Masli\u0107 i Dragana Baner<\/span><span style=\"color: #000000;\">\u00a0<\/span><\/span><\/span><\/p>\n<p><span style=\"font-size: 10pt;\"><span style=\"color: #000000;\"><span style=\"color: #000000;\">\u00a02006.<\/span><\/span><span style=\"color: #000000;\">\u00a0<\/span><\/span><\/p>\n<p><span style=\"color: #000000; font-size: 10pt;\">\u00a0Price: 7,00 KM<\/span><\/p>\n<p><span style=\"font-size: 12pt;\">\u00a0<\/span><\/p>\n<p><img loading=\"lazy\" decoding=\"async\" class=\" alignleft\" src=\"http:\/\/muzejtravnik.ba\/en\/images\/stories\/vodic_prirodoslovna.jpg\" alt=\"\" width=\"122\" height=\"186\" border=\"0\" \/><span style=\"color: #993300;\">\u00a0 <span style=\"font-size: 12pt;\">Vodi\u010d kroz prirodoslovnu zbirku<\/span><\/span><span style=\"color: #000000; font-size: 12pt;\">\u00a0\u00a0<\/span><\/p>\n<p><span style=\"font-size: 12pt;\"><span style=\"color: #000000;\">\u00a0 <span style=\"font-size: 10pt;\">Editor: Dragana Baner <\/span><\/span><span style=\"color: #000000; font-size: 10pt;\">\u00a0<\/span><\/span><\/p>\n<p><span style=\"font-size: 10pt;\"><span style=\"color: #000000;\">\u00a0 2009.<\/span><span style=\"color: #000000;\">\u00a0<\/span><\/span><\/p>\n<p><span style=\"color: #000000; font-size: 10pt;\">\u00a0 Price:\u00a02,00 KM<\/span><\/p>\n<p>&nbsp;<\/p>\n<p>&nbsp;<\/p>\n<p><span style=\"font-size: 10pt; color: #993300;\">\u00a0<\/span><span style=\"font-size: 10pt; color: #000000;\"><img loading=\"lazy\" decoding=\"async\" class=\" alignleft\" src=\"http:\/\/muzejtravnik.ba\/en\/images\/stories\/slike\/vodic_prirod_en.jpg\" alt=\"\" width=\"121\" height=\"187\" border=\"0\" \/><\/span><span style=\"font-size: 12pt;\"><span style=\"color: #993300;\"> A GUIDE throught natural history collection<\/span><span style=\"color: #000000;\">\u00a0<\/span><\/span><\/p>\n<p><span style=\"font-size: 12pt;\"><span style=\"color: #000000;\">\u00a0 <span style=\"font-size: 10pt;\">Editor: Dragana Baner <\/span><\/span><span style=\"color: #000000; font-size: 10pt;\">\u00a0<\/span><\/span><\/p>\n<p><span style=\"font-size: 10pt;\"><span style=\"color: #000000;\">\u00a0 2009.<\/span><span style=\"color: #000000;\">\u00a0<\/span><\/span><\/p>\n<p><span style=\"color: #000000; font-size: 10pt;\">\u00a0 Price: 2,00 KM<\/span><\/p>\n<p>&nbsp;<\/p>\n<p>&nbsp;<\/p>\n<p><img loading=\"lazy\" decoding=\"async\" class=\" alignleft\" src=\"http:\/\/muzejtravnik.ba\/en\/images\/stories\/slike\/vodic_andric_bh.jpg\" alt=\"\" width=\"123\" height=\"195\" border=\"0\" \/><\/p>\n<p><span style=\"color: #000000;\"><span style=\"color: #993300;\">\u00a0 <span style=\"font-size: 12pt;\">Vodi\u010d kroz Memorijalni muzej\u00a0 Ive Andri\u010da, \u017eivot i literaturu \u00a0<\/span><\/span><\/span><span style=\"color: #000000; font-size: 12pt;\">\u00a0<\/span><\/p>\n<p><span style=\"font-size: 12pt;\"><span style=\"color: #000000;\">\u00a0<span style=\"font-size: 10pt;\"> Editor:\u00a0Enes \u0160krgo <\/span><\/span><span style=\"color: #000000; font-size: 10pt;\">\u00a0<\/span><\/span><\/p>\n<p><span style=\"font-size: 10pt;\"><span style=\"color: #000000;\">\u00a0 2009.<\/span><span style=\"color: #000000;\">\u00a0<\/span><\/span><\/p>\n<p><span style=\"color: #000000; font-size: 10pt;\">\u00a0 Price:\u00a05,00 KM<\/span><\/p>\n<p>&nbsp;<\/p>\n<p>&nbsp;<\/p>\n<p><span style=\"font-size: 10pt; color: #000000;\"><img loading=\"lazy\" decoding=\"async\" class=\" alignleft\" src=\"http:\/\/muzejtravnik.ba\/en\/images\/stories\/slike\/vodic_andric_en.jpg\" alt=\"\" width=\"123\" height=\"193\" border=\"0\" \/><\/span><\/p>\n<p><span style=\"color: #993300;\">\u00a0<span style=\"font-size: 12pt;\"> GUIDE through Ivo Andri\u010d Memorial museum, his life and literaure<\/span><\/span><\/p>\n<p><span style=\"font-size: 12pt;\"><span style=\"color: #000000;\">\u00a0 <\/span><span style=\"color: #000000; font-size: 10pt;\">Editor: Enes \u0160krgo\u00a0<\/span><\/span><\/p>\n<p><span style=\"font-size: 10pt;\"><span style=\"color: #000000;\">\u00a0 2009.<\/span><span style=\"color: #000000;\">\u00a0<\/span><\/span><\/p>\n<p><span style=\"color: #000000; font-size: 10pt;\">\u00a0 Price: 5,00 KM<\/span><\/p>\n<p>&nbsp;<\/p>\n<p>&nbsp;<\/p>\n<p><img loading=\"lazy\" decoding=\"async\" class=\" alignleft\" src=\"http:\/\/muzejtravnik.ba\/en\/images\/stories\/slike\/da_li_znate.jpg\" alt=\"\" width=\"122\" height=\"192\" border=\"0\" \/><\/p>\n<p><span style=\"color: #993300;\">\u00a0 <span style=\"font-size: 12pt;\">DA LI ZNATE<\/span><\/span><span style=\"color: #000000; font-size: 12pt;\">\u00a0 <\/span><\/p>\n<p><span style=\"color: #000000; font-size: 12pt;\">\u00a0 <span style=\"font-size: 10pt;\">Editor: Enes \u0160krgo <\/span><\/span><\/p>\n<p><span style=\"color: #000000; font-size: 10pt;\">\u00a0 2009.<\/span><\/p>\n<p>&nbsp;<\/p>\n<p>&nbsp;<\/p>\n<p>&nbsp;<\/p>\n<p><span style=\"font-size: 10pt; color: #000000;\"><img loading=\"lazy\" decoding=\"async\" class=\" alignleft\" src=\"http:\/\/muzejtravnik.ba\/en\/images\/stories\/muzej_slike\/katalog_2.jpg\" alt=\"\" width=\"129\" height=\"185\" border=\"0\" \/><\/span><\/p>\n<p><span style=\"color: #993300;\">\u00a0<span style=\"font-size: 12pt;\"> Katalog izdanja II o BiH i gradu Travniku iz fundusa knji\u017enice Zavi\u010dajnoga muzeja Travnik<\/span><\/span><\/p>\n<p><span style=\"color: #000000; font-size: 12pt;\">\u00a0 <span style=\"font-size: 10pt;\">Editor:\u00a0Dragana Baner <\/span><\/span><\/p>\n<p><span style=\"color: #000000; font-size: 10pt;\">\u00a0 2007. <\/span><\/p>\n<p><span style=\"color: #000000; font-size: 10pt;\">\u00a0 Price:\u00a03,00 KM<\/span><\/p>\n<p>&nbsp;<\/p>\n<p>&nbsp;<\/p>\n<p><img loading=\"lazy\" decoding=\"async\" class=\" alignleft\" src=\"http:\/\/muzejtravnik.ba\/en\/images\/stories\/muzej_slike\/katalog_1.jpg\" alt=\"\" width=\"122\" height=\"173\" border=\"0\" \/><\/p>\n<p><span style=\"color: #993300;\">\u00a0 <span style=\"font-size: 12pt;\">Katalog izdanja I o BiH i gradu Travniku iz fundusa knji\u017enice Zavi\u010dajnoga muzeja Travnik<\/span><\/span><span style=\"color: #993300; font-size: 12pt;\">\u00a0<\/span><\/p>\n<p><span style=\"color: #000000; font-size: 12pt;\">\u00a0 <span style=\"font-size: 10pt;\">Editor:\u00a0Dragana Baner<\/span><\/span><\/p>\n<p><span style=\"font-size: 10pt;\"><span style=\"color: #000000;\">\u00a0\u00a0 1999.<\/span><span style=\"color: #000000;\">\u00a0<\/span><\/span><\/p>\n<p><span style=\"color: #000000; font-size: 10pt;\">\u00a0 Price:\u00a03,00 KM<\/span><\/p>\n<p>&nbsp;<\/p>\n<p>&nbsp;<\/p>\n<p><span style=\"color: #993300;\">\u00a0<span style=\"font-size: 12pt;\">E<\/span><\/span><span style=\"font-size: 12pt;\"><span style=\"color: #000000;\"><img loading=\"lazy\" decoding=\"async\" class=\" alignleft\" src=\"http:\/\/muzejtravnik.ba\/en\/images\/stories\/muzej_slike\/eric.jpg\" alt=\"\" width=\"127\" height=\"191\" border=\"0\" \/><\/span><span style=\"color: #993300;\">rik (Erich) BRANDIS\u00a0 <\/span><span style=\"color: #000000;\">\u00a0<\/span><\/span><\/p>\n<p><span style=\"font-size: 12pt;\"><span style=\"color: #000000;\">\u00a0 <span style=\"font-size: 10pt;\">Editor:\u00a0 \u010cedomil \u0160ili\u0107<\/span><\/span><span style=\"color: #000000; font-size: 10pt;\">\u00a0<\/span><\/span><\/p>\n<p><span style=\"font-size: 10pt;\"><span style=\"color: #000000;\">\u00a0 2007.<\/span><span style=\"color: #000000;\">\u00a0<\/span><\/span><\/p>\n<p><span style=\"font-size: 10pt;\"><span style=\"color: #000000;\">\u00a0 Price:\u00a02,00 KM<\/span><span style=\"color: #000000;\">\u00a0<\/span><\/span><\/p>\n<p><span style=\"color: #000000; font-size: 10pt;\">\u00a0 RASPRODANO<\/span><\/p>\n<p>&nbsp;<\/p>\n<p><img loading=\"lazy\" decoding=\"async\" class=\" alignleft\" src=\"http:\/\/muzejtravnik.ba\/en\/images\/stories\/muzej_slike\/zbornik_4.jpg\" alt=\"\" width=\"129\" height=\"194\" border=\"0\" \/><\/p>\n<p><span style=\"color: #000000;\"><span style=\"color: #993300;\">\u00a0<span style=\"font-size: 12pt;\">Zbornik radova 4<\/span><\/span><span style=\"font-size: 12pt;\">\u00a0\u00a0 <\/span><\/span><span style=\"color: #000000; font-size: 12pt;\">\u00a0<\/span><\/p>\n<p><span style=\"font-size: 12pt;\"><span style=\"color: #000000;\">\u00a0 <span style=\"font-size: 10pt;\">1991.<\/span><\/span><span style=\"color: #000000; font-size: 10pt;\">\u00a0<\/span><\/span><\/p>\n<p><span style=\"color: #000000; font-size: 10pt;\">\u00a0 Price:\u00a07,00 KM<\/span><\/p>\n<p>&nbsp;<\/p>\n<p>&nbsp;<\/p>\n<p>&nbsp;<\/p>\n<p><span style=\"font-size: 10pt; color: #000000;\"><img loading=\"lazy\" decoding=\"async\" class=\" alignleft\" src=\"http:\/\/muzejtravnik.ba\/en\/images\/stories\/muzej_slike\/bibliografija.jpg\" alt=\"\" width=\"123\" height=\"173\" border=\"0\" \/><\/span><span style=\"color: #993300;\">\u00a0 <span style=\"font-size: 12pt;\">Bibliografija objavljenih izvorai literature o srednjovjekovnoj Bosni\u00a0 <\/span><\/span><\/p>\n<p><span style=\"font-size: 12pt;\"><span style=\"color: #000000;\">\u00a0 <\/span><span style=\"font-size: 10pt;\"><span style=\"color: #000000;\">Editor:\u00a0 Dr. Pavo \u017divkovi\u0107 <\/span><span style=\"color: #000000;\">\u00a0<\/span><\/span><\/span><\/p>\n<p><span style=\"font-size: 10pt;\"><span style=\"color: #000000;\">\u00a0 1982.<\/span><span style=\"color: #000000;\">\u00a0<\/span><\/span><\/p>\n<p><span style=\"color: #000000; font-size: 10pt;\">\u00a0 Price:\u00a010,00 KM<\/span><\/p>\n<p>&nbsp;<\/p>\n<p>&nbsp;<\/p>\n<p><img loading=\"lazy\" decoding=\"async\" class=\" alignleft\" src=\"http:\/\/muzejtravnik.ba\/en\/images\/stories\/muzej_slike\/toricani.jpg\" alt=\"\" width=\"130\" height=\"158\" border=\"0\" \/><span style=\"color: #993300;\">\u00a0 <span style=\"font-size: 12pt;\">La\u0161va i Tori\u010dan Prilog povijesti travni\u010dkoga kraja\u00a0<\/span><\/span><span style=\"color: #000000; font-size: 12pt;\">\u00a0<\/span><\/p>\n<p><span style=\"font-size: 12pt;\"><span style=\"color: #000000;\">\u00a0<span style=\"font-size: 10pt;\"> Editor:\u00a0Enver Sujold\u017ei\u0107 <\/span><\/span><span style=\"color: #000000; font-size: 10pt;\">\u00a0<\/span><\/span><\/p>\n<p><span style=\"font-size: 10pt;\"><span style=\"color: #000000;\">\u00a0 2007.<\/span><span style=\"color: #000000;\">\u00a0<\/span><\/span><\/p>\n<p><span style=\"color: #000000; font-size: 10pt;\">\u00a0 Price: 10,00 KM<\/span><\/p>\n<p>&nbsp;<\/p>\n<p><span style=\"color: #993300;\">\u00a0 <\/span><span style=\"font-size: 12pt;\"><span style=\"color: #000000;\"><img loading=\"lazy\" decoding=\"async\" class=\" alignleft\" src=\"http:\/\/muzejtravnik.ba\/en\/images\/stories\/enver_vodovodi.jpg\" alt=\"\" width=\"131\" height=\"168\" border=\"0\" \/><\/span><span style=\"color: #993300;\">Stari vodovodi i vodogradnjeu Travniku<\/span><\/span><\/p>\n<p><span style=\"font-size: 12pt;\"><span style=\"color: #000000;\">\u00a0 <span style=\"font-size: 10pt;\">Edito<\/span><\/span><span style=\"font-size: 10pt;\"><span style=\"color: #000000;\">r: Enver Sujold\u017ei\u0107 <\/span><span style=\"color: #000000;\">\u00a0<\/span><\/span><\/span><\/p>\n<p><span style=\"font-size: 10pt;\"><span style=\"color: #000000;\">\u00a0 2012.<\/span><span style=\"color: #000000;\">\u00a0<\/span><\/span><\/p>\n<p><span style=\"color: #000000; font-size: 10pt;\">\u00a0 Price:\u00a027,00 KM<\/span><\/p>\n<p>&nbsp;<\/p>\n<p><img loading=\"lazy\" decoding=\"async\" class=\" alignleft\" src=\"http:\/\/muzejtravnik.ba\/en\/images\/stories\/muzej_slike\/marka.jpg\" alt=\"\" width=\"127\" height=\"181\" border=\"0\" \/><\/p>\n<p>&nbsp;<\/p>\n<p><span style=\"color: #993300;\">\u00a0 <span style=\"font-size: 12pt;\">Travni\u010dka marka<\/span><\/span><span style=\"color: #000000; font-size: 12pt;\">\u00a0<\/span><\/p>\n<p><span style=\"font-size: 12pt;\"><span style=\"color: #000000;\">\u00a0 <span style=\"font-size: 10pt;\">Editor:\u00a0Enver Sujold\u017ei\u0107 <\/span><\/span><span style=\"color: #000000; font-size: 10pt;\">\u00a0<\/span><\/span><\/p>\n<p><span style=\"font-size: 10pt;\"><span style=\"color: #000000;\">\u00a0 2001.<\/span><span style=\"color: #000000;\">\u00a0<\/span><\/span><\/p>\n<p><span style=\"color: #000000;\"><span style=\"font-size: 10pt;\">\u00a0 Price:\u00a05,00 KM<\/span><br \/>\n<\/span><\/p>\n<p>&nbsp;<\/p>\n<p><span style=\"font-size: 10pt; color: #000000;\"><img loading=\"lazy\" decoding=\"async\" class=\"  wp-image-1978 alignleft\" src=\"http:\/\/muzejtravnik.ba\/en\/wp-content\/uploads\/2014\/09\/Dzamije_Travnika_II-243x300.jpg\" alt=\"Dzamije_Travnika_II\" width=\"115\" height=\"142\" \/><\/span><\/p>\n<p><span style=\"color: #000000;\"><span style=\"color: #993300;\">\u00a0<span style=\"font-size: 12pt;\"> D\u017eamije Travnika drugo dopunjeno izdanje<\/span><\/span><\/span><span style=\"color: #000000; font-size: 12pt;\">\u00a0<\/span><\/p>\n<p><span style=\"font-size: 12pt;\"><span style=\"color: #000000;\">\u00a0 <span style=\"font-size: 10pt;\">Editor:\u00a0Enver Sujold\u017ei\u0107<\/span><\/span><span style=\"color: #000000; font-size: 10pt;\">\u00a0<\/span><\/span><\/p>\n<p><span style=\"font-size: 10pt;\"><span style=\"color: #000000;\">\u00a0 2013.<\/span><span style=\"color: #000000;\">\u00a0<\/span><\/span><\/p>\n<p><span style=\"color: #000000; font-size: 10pt;\">\u00a0 Price:\u00a020,00 KM<\/span><\/p>\n<p>&nbsp;<\/p>\n<p><img loading=\"lazy\" decoding=\"async\" class=\" alignleft\" src=\"http:\/\/muzejtravnik.ba\/en\/images\/stories\/muzej_slike\/skolska_torba.jpg\" alt=\"\" width=\"124\" height=\"175\" border=\"0\" \/><\/p>\n<p><span style=\"color: #000000;\"><span style=\"color: #993300;\">\u00a0 <span style=\"font-size: 12pt;\">\u0160kolska torba<\/span><\/span><\/span><span style=\"color: #000000; font-size: 12pt;\">\u00a0<\/span><\/p>\n<p><span style=\"color: #000000; font-size: 12pt;\">\u00a0 <span style=\"font-size: 10pt;\">Editor:\u00a0Rabija Mameled\u017eija <\/span><\/span><\/p>\n<p><span style=\"color: #000000; font-size: 10pt;\">\u00a0 2008.<\/span><\/p>\n<p><span style=\"color: #000000; font-size: 10pt;\">\u00a0 Price:\u00a07,00 KM<\/span><\/p>\n<p>&nbsp;<\/p>\n<p>&nbsp;<\/p>\n<p><span style=\"font-size: 10pt; color: #000000;\"><img loading=\"lazy\" decoding=\"async\" class=\" alignleft\" src=\"http:\/\/muzejtravnik.ba\/en\/images\/stories\/slike\/time_machine_cd.jpg\" alt=\"\" width=\"120\" height=\"151\" border=\"0\" \/><\/span><span style=\"color: #000000;\"><span style=\"color: #993300;\">\u00a0 <span style=\"font-size: 12pt;\">Time Machine Stari grad Travnik Virtualna 3D rekonstrukcija<\/span><\/span><\/span><\/p>\n<p><span style=\"font-size: 12pt;\"><span style=\"color: #000000;\">\u00a0\u00a0 <span style=\"font-size: 10pt;\">Editor: Vanja Jovi\u0161i\u0107 <\/span><\/span><span style=\"color: #000000; font-size: 10pt;\">\u00a0<\/span><\/span><\/p>\n<p><span style=\"font-size: 10pt;\"><span style=\"color: #000000;\">\u00a0\u00a0\u00a0 2010.<\/span><span style=\"color: #000000;\">\u00a0<\/span><\/span><\/p>\n<p><span style=\"color: #000000; font-size: 10pt;\">\u00a0 \u00a0 Price: 5,00 KM<\/span><\/p>\n<p>&nbsp;<\/p>\n<p><img loading=\"lazy\" decoding=\"async\" class=\" alignleft\" src=\"http:\/\/muzejtravnik.ba\/en\/images\/stories\/slike\/time_machine_bih.jpg\" alt=\"\" width=\"110\" height=\"181\" border=\"0\" \/><\/p>\n<p><span style=\"color: #993300;\">\u00a0\u00a0 <span style=\"font-size: 12pt;\">Time Machine Tvr\u0111ava Stari grad Travnik <\/span><\/span><\/p>\n<p><span style=\"font-size: 12pt;\"><span style=\"color: #000000;\">\u00a0\u00a0 <\/span><span style=\"font-size: 10pt;\"><span style=\"color: #000000;\">Editor:\u00a0Vanja Jovi\u0161i\u0107 <\/span><span style=\"color: #000000;\">\u00a0<\/span><\/span><\/span><\/p>\n<p><span style=\"font-size: 10pt;\"><span style=\"color: #000000;\">\u00a0\u00a0 2010.<\/span><span style=\"color: #000000;\">\u00a0<\/span><\/span><\/p>\n<p><span style=\"color: #000000; font-size: 10pt;\">\u00a0\u00a0 Price: 5,00 KM<\/span><\/p>\n<p>&nbsp;<\/p>\n<p>&nbsp;<\/p>\n<p><span style=\"font-size: 10pt; color: #000000;\"><img loading=\"lazy\" decoding=\"async\" class=\" alignleft\" src=\"http:\/\/muzejtravnik.ba\/en\/images\/stories\/slike\/time_machine_en.jpg\" alt=\"\" width=\"112\" height=\"182\" border=\"0\" \/><\/span><\/p>\n<p><span style=\"color: #993300;\">\u00a0 <span style=\"font-size: 12pt;\">Time Machine Stari grad Fort in Travnik<\/span><\/span><span style=\"color: #000000; font-size: 12pt;\">\u00a0<\/span><\/p>\n<p><span style=\"font-size: 12pt;\"><span style=\"color: #000000;\">\u00a0 <span style=\"font-size: 10pt;\">Editor: Vanja Jovi\u0161i\u0107 <\/span><\/span><span style=\"color: #000000; font-size: 10pt;\">\u00a0<\/span><\/span><\/p>\n<p><span style=\"font-size: 10pt;\"><span style=\"color: #000000;\">\u00a0\u00a0 2010.<\/span><span style=\"color: #000000;\">\u00a0<\/span><\/span><\/p>\n<p><span style=\"color: #000000; font-size: 10pt;\">\u00a0\u00a0 Price: 5,00 KM<\/span><\/p>\n<p>&nbsp;<\/p>\n<p>&nbsp;<\/p>\n<p><img loading=\"lazy\" decoding=\"async\" class=\" alignleft\" src=\"http:\/\/muzejtravnik.ba\/en\/images\/stories\/slike\/knjiga_avdo.jpg\" alt=\"\" width=\"118\" height=\"193\" border=\"0\" \/><\/p>\n<p><span style=\"color: #993300;\">\u00a0 <span style=\"font-size: 12pt;\">Sje\u010danja na susrete s Ivom Andri\u0107em<\/span><\/span><span style=\"color: #000000; font-size: 12pt;\">\u00a0<\/span><\/p>\n<p><span style=\"font-size: 12pt;\"><span style=\"color: #000000;\">\u00a0 <span style=\"font-size: 10pt;\">Editor: Enes \u0160krgo<\/span><\/span><span style=\"color: #000000; font-size: 10pt;\">\u00a0<\/span><\/span><\/p>\n<p><span style=\"font-size: 10pt;\"><span style=\"color: #000000;\">\u00a0\u00a0 2010.<\/span><span style=\"color: #000000;\">\u00a0<\/span><\/span><\/p>\n<p><span style=\"color: #000000; font-size: 10pt;\">\u00a0\u00a0 Price: 5,00 KM<\/span><\/p>\n<p>&nbsp;<\/p>\n<p>&nbsp;<\/p>\n<p><span style=\"font-size: 10pt; color: #000000;\"><img loading=\"lazy\" decoding=\"async\" class=\" alignleft\" src=\"http:\/\/muzejtravnik.ba\/en\/images\/stories\/slike\/knjiga_finka.jpg\" alt=\"\" width=\"118\" height=\"204\" border=\"0\" \/><\/span><span style=\"color: #993300;\">\u00a0\u00a0 <span style=\"font-size: 12pt;\">Afri\u010dki skuplja\u010di rose<\/span><\/span><\/p>\n<p><span style=\"font-size: 12pt;\"><span style=\"color: #000000;\">\u00a0\u00a0 <span style=\"font-size: 10pt;\">Editor: Finka Filipovi\u0107 <\/span><\/span><span style=\"color: #000000; font-size: 10pt;\">\u00a0<\/span><\/span><\/p>\n<p><span style=\"font-size: 10pt;\"><span style=\"color: #000000;\">\u00a0\u00a0\u00a0 2010.<\/span><span style=\"color: #000000;\">\u00a0<\/span><\/span><\/p>\n<p><span style=\"color: #000000; font-size: 10pt;\">\u00a0\u00a0\u00a0 Price: 9,80 KM<\/span><\/p>\n<p>&nbsp;<\/p>\n<p>&nbsp;<\/p>\n<p><img loading=\"lazy\" decoding=\"async\" class=\" size-thumbnail wp-image-1980 alignleft\" src=\"http:\/\/muzejtravnik.ba\/en\/wp-content\/uploads\/2014\/09\/pozoriste-150x150.jpg\" alt=\"pozoriste\" width=\"150\" height=\"150\" srcset=\"https:\/\/muzejtravnik.ba\/en\/wp-content\/uploads\/2014\/09\/pozoriste-150x150.jpg 150w, https:\/\/muzejtravnik.ba\/en\/wp-content\/uploads\/2014\/09\/pozoriste-960x960.jpg 960w, https:\/\/muzejtravnik.ba\/en\/wp-content\/uploads\/2014\/09\/pozoriste-480x480.jpg 480w, https:\/\/muzejtravnik.ba\/en\/wp-content\/uploads\/2014\/09\/pozoriste-320x320.jpg 320w, https:\/\/muzejtravnik.ba\/en\/wp-content\/uploads\/2014\/09\/pozoriste-240x240.jpg 240w\" sizes=\"auto, (max-width: 150px) 100vw, 150px\" \/><\/p>\n<p><span style=\"color: #993300;\">\u00a0 <span style=\"font-size: 12pt;\">Travni\u010dko pozori\u0161te 1954 &#8211; 1984<br \/>\n<\/span><\/span><\/p>\n<p><span style=\"color: #000000; font-size: 12pt;\">\u00a0 <span style=\"font-size: 10pt;\">Editor: Mirko Ad\u017eaip<\/span><\/span><\/p>\n<p><span style=\"font-size: 10pt;\"><span style=\"color: #000000;\">\u00a0\u00a0 2014.<\/span><span style=\"color: #000000;\">\u00a0<\/span><\/span><\/p>\n<p><span style=\"color: #000000; font-size: 10pt;\">\u00a0\u00a0 Price: 25,00 KM<\/span><\/p>\n<p>&nbsp;<\/p>\n<p><img loading=\"lazy\" decoding=\"async\" class=\"  wp-image-1979 alignleft\" src=\"http:\/\/muzejtravnik.ba\/en\/wp-content\/uploads\/2014\/09\/Planinske_staze-211x300.jpg\" alt=\"Planinske_staze\" width=\"113\" height=\"161\" \/><\/p>\n<p><span style=\"color: #993300;\">\u00a0 <span style=\"font-size: 12pt;\">Planinarske staze na Vla\u0161i\u0107u<\/span><\/span><\/p>\n<p><span style=\"color: #000000; font-size: 12pt;\">\u00a0 <span style=\"font-size: 10pt;\">Editor: Edhem Kozar<\/span><\/span><\/p>\n<p><span style=\"font-size: 10pt;\"><span style=\"color: #000000;\">\u00a0\u00a0 2014.<\/span><span style=\"color: #000000;\">\u00a0<\/span><\/span><\/p>\n<p><span style=\"color: #000000; font-size: 10pt;\">\u00a0\u00a0 Price: 15,00 KM<\/span><\/p>\n<p>&nbsp;<\/p>\n","protected":false},"excerpt":{"rendered":"<p>An important spot within the frame of activities of the Museum of Travnik is publishing. It had started during the first years of this institution and it continues today. As well as an anthology, a few monographs (within the \u201cSediment\u201d edition) on local subjects have been published. Along with the thematic expositions, catalogues, cards, posters<\/p>\n<p><a href=\"https:\/\/muzejtravnik.ba\/en\/zavicajni-muzej-travnik\/1987-2\/\" class=\"more-link themebutton\">Read More<\/a><\/p>\n","protected":false},"author":2,"featured_media":0,"parent":602,"menu_order":6,"comment_status":"closed","ping_status":"closed","template":"","meta":{"footnotes":""},"class_list":["post-1987","page","type-page","status-publish","hentry"],"_links":{"self":[{"href":"https:\/\/muzejtravnik.ba\/en\/wp-json\/wp\/v2\/pages\/1987","targetHints":{"allow":["GET"]}}],"collection":[{"href":"https:\/\/muzejtravnik.ba\/en\/wp-json\/wp\/v2\/pages"}],"about":[{"href":"https:\/\/muzejtravnik.ba\/en\/wp-json\/wp\/v2\/types\/page"}],"author":[{"embeddable":true,"href":"https:\/\/muzejtravnik.ba\/en\/wp-json\/wp\/v2\/users\/2"}],"replies":[{"embeddable":true,"href":"https:\/\/muzejtravnik.ba\/en\/wp-json\/wp\/v2\/comments?post=1987"}],"version-history":[{"count":16,"href":"https:\/\/muzejtravnik.ba\/en\/wp-json\/wp\/v2\/pages\/1987\/revisions"}],"predecessor-version":[{"id":2020,"href":"https:\/\/muzejtravnik.ba\/en\/wp-json\/wp\/v2\/pages\/1987\/revisions\/2020"}],"up":[{"embeddable":true,"href":"https:\/\/muzejtravnik.ba\/en\/wp-json\/wp\/v2\/pages\/602"}],"wp:attachment":[{"href":"https:\/\/muzejtravnik.ba\/en\/wp-json\/wp\/v2\/media?parent=1987"}],"curies":[{"name":"wp","href":"https:\/\/api.w.org\/{rel}","templated":true}]}}