{"id":1868,"date":"2015-01-20T15:20:52","date_gmt":"2015-01-20T13:20:52","guid":{"rendered":"http:\/\/muzejtravnik.ba\/en\/?page_id=1868"},"modified":"2015-01-23T11:46:38","modified_gmt":"2015-01-23T09:46:38","slug":"link","status":"publish","type":"page","link":"https:\/\/muzejtravnik.ba\/en\/zavicajni-muzej-travnik\/info\/link\/","title":{"rendered":"Link"},"content":{"rendered":"<table width=\"1039\">\n<tbody>\n<tr>\n<td style=\"width: 300px; text-align: center; vertical-align: top;\" scope=\"col\"><span style=\"font-size: 12pt; color: #000000;\"><a style=\"color: #000000;\" href=\"http:\/\/www.visitmycountry.net\/bosnia_herzegovina\/bh\/index.php\/component\/content\/article\/41-kultura\/muzeji\/travnik-muzeji\/108-zavicajni-muzej-travnik\"><img loading=\"lazy\" decoding=\"async\" class=\"aligncenter wp-image-1732 \" src=\"http:\/\/muzejtravnik.ba\/wp-content\/uploads\/2013\/12\/Visit.jpg\" alt=\"Visit\" width=\"90\" height=\"90\" \/><\/a><a style=\"color: #000000;\" href=\"http:\/\/www.visitmycountry.net\/bosnia_herzegovina\/bh\/index.php\/component\/content\/article\/41-kultura\/muzeji\/travnik-muzeji\/108-zavicajni-muzej-travnik\">Zavi\u010dajni muzej Travnik<\/a><\/span><\/p>\n<p><span style=\"color: #993300; font-size: 12pt;\">Virtual tour<\/span><\/td>\n<td style=\"width: 330px; text-align: center; vertical-align: top;\" scope=\"col\"><span style=\"font-size: 12pt; color: #000000;\"><a style=\"color: #000000;\" href=\"http:\/\/www.visitmycountry.net\/bosnia_herzegovina\/bh\/index.php\/component\/content\/article\/41-kultura\/muzeji\/travnik-muzeji\/107-memorijalni-muzej-rodna-kuca-ive-andrica\"><img loading=\"lazy\" decoding=\"async\" class=\"aligncenter wp-image-1732 \" src=\"http:\/\/muzejtravnik.ba\/wp-content\/uploads\/2013\/12\/Visit.jpg\" alt=\"Visit\" width=\"89\" height=\"89\" \/><\/a><a style=\"color: #000000;\" href=\"http:\/\/www.visitmycountry.net\/bosnia_herzegovina\/bh\/index.php\/component\/content\/article\/41-kultura\/muzeji\/travnik-muzeji\/107-memorijalni-muzej-rodna-kuca-ive-andrica\">Memorijalni muzej Rodna ku\u0107a Ive Andri\u0107a<\/a><\/span><\/p>\n<p><span style=\"color: #993300; font-size: 12pt;\">Virtual tour<\/span><\/td>\n<td style=\"width: 300px; text-align: center; vertical-align: top;\" scope=\"col\"><span style=\"font-size: 12pt; color: #000000;\"><a style=\"color: #000000;\" href=\"http:\/\/www.visitmycountry.net\/bosnia_herzegovina\/bh\/index.php\/component\/content\/article\/65-bastina\/tvrdave\/369-tvrdava-stari-grad-travnik\"><img loading=\"lazy\" decoding=\"async\" class=\"aligncenter wp-image-1732 \" src=\"http:\/\/muzejtravnik.ba\/wp-content\/uploads\/2013\/12\/Visit.jpg\" alt=\"Visit\" width=\"89\" height=\"89\" \/><\/a><a style=\"color: #000000;\" href=\"http:\/\/www.visitmycountry.net\/bosnia_herzegovina\/bh\/index.php\/component\/content\/article\/65-bastina\/tvrdave\/369-tvrdava-stari-grad-travnik\">Tvr\u0111ava Stari grad Travnik<\/a><\/span><\/p>\n<p><span style=\"color: #993300; font-size: 12pt;\">Virtual tour<\/span><\/td>\n<\/tr>\n<tr>\n<td style=\"text-align: center;\"><span style=\"font-size: 12pt; color: #000000;\">\u00a0<\/span><\/td>\n<td style=\"text-align: center;\"><span style=\"font-size: 12pt; color: #000000;\">\u00a0<\/span><\/td>\n<td style=\"text-align: center;\"><span style=\"font-size: 12pt; color: #000000;\">\u00a0<\/span><\/td>\n<\/tr>\n<tr>\n<td style=\"text-align: center;\"><span style=\"font-size: 12pt; color: #000000;\"><a style=\"color: #000000;\" href=\"http:\/\/www.opcinatravnik.com.ba\/ba\"><img loading=\"lazy\" decoding=\"async\" class=\"aligncenter  wp-image-1730\" src=\"http:\/\/muzejtravnik.ba\/wp-content\/uploads\/2013\/12\/header.jpg\" alt=\"header\" width=\"238\" height=\"49\" srcset=\"https:\/\/muzejtravnik.ba\/en\/wp-content\/uploads\/2013\/12\/header.jpg 452w, https:\/\/muzejtravnik.ba\/en\/wp-content\/uploads\/2013\/12\/header-300x61.jpg 300w, https:\/\/muzejtravnik.ba\/en\/wp-content\/uploads\/2013\/12\/header-320x64.jpg 320w, https:\/\/muzejtravnik.ba\/en\/wp-content\/uploads\/2013\/12\/header-240x48.jpg 240w\" sizes=\"auto, (max-width: 238px) 100vw, 238px\" \/><\/a><a style=\"color: #000000;\" href=\"http:\/\/www.opcinatravnik.com.ba\/ba\" target=\"_blank\">Op\u0107ina Travnik<\/a><\/span><\/td>\n<td style=\"text-align: center;\"><span style=\"font-size: 12pt; color: #000000;\"><a style=\"color: #000000;\" href=\"http:\/\/santours.ba\/\"><img loading=\"lazy\" decoding=\"async\" class=\"aligncenter size-full wp-image-1735\" src=\"http:\/\/muzejtravnik.ba\/wp-content\/uploads\/2013\/12\/header_santours.png\" alt=\"header_santours\" width=\"204\" height=\"87\" \/>Santours Travnik<\/a><\/span><\/td>\n<td style=\"text-align: center;\"><span style=\"font-size: 12pt; color: #000000;\"><a style=\"color: #000000;\" href=\"http:\/\/fot.travnik.fotosavez.com\/\"><img loading=\"lazy\" decoding=\"async\" class=\"aligncenter  wp-image-1740\" src=\"http:\/\/muzejtravnik.ba\/wp-content\/uploads\/2013\/12\/fot.jpg\" alt=\"fot\" width=\"137\" height=\"97\" \/><\/a><a style=\"color: #000000;\" href=\"http:\/\/fot.travnik.fotosavez.com\/\">FOTO klub \u201cFOT\u201d Travnik<\/a><\/span><\/td>\n<\/tr>\n<\/tbody>\n<\/table>\n<p>&nbsp;<\/p>\n","protected":false},"excerpt":{"rendered":"<p>Zavi\u010dajni muzej Travnik Virtual tour Memorijalni muzej Rodna ku\u0107a Ive Andri\u0107a Virtual tour Tvr\u0111ava Stari grad Travnik Virtual tour \u00a0 \u00a0 \u00a0 Op\u0107ina Travnik Santours Travnik FOTO klub \u201cFOT\u201d Travnik &nbsp;<\/p>\n","protected":false},"author":2,"featured_media":0,"parent":1925,"menu_order":1,"comment_status":"closed","ping_status":"closed","template":"","meta":{"footnotes":""},"class_list":["post-1868","page","type-page","status-publish","hentry"],"_links":{"self":[{"href":"https:\/\/muzejtravnik.ba\/en\/wp-json\/wp\/v2\/pages\/1868","targetHints":{"allow":["GET"]}}],"collection":[{"href":"https:\/\/muzejtravnik.ba\/en\/wp-json\/wp\/v2\/pages"}],"about":[{"href":"https:\/\/muzejtravnik.ba\/en\/wp-json\/wp\/v2\/types\/page"}],"author":[{"embeddable":true,"href":"https:\/\/muzejtravnik.ba\/en\/wp-json\/wp\/v2\/users\/2"}],"replies":[{"embeddable":true,"href":"https:\/\/muzejtravnik.ba\/en\/wp-json\/wp\/v2\/comments?post=1868"}],"version-history":[{"count":8,"href":"https:\/\/muzejtravnik.ba\/en\/wp-json\/wp\/v2\/pages\/1868\/revisions"}],"predecessor-version":[{"id":2027,"href":"https:\/\/muzejtravnik.ba\/en\/wp-json\/wp\/v2\/pages\/1868\/revisions\/2027"}],"up":[{"embeddable":true,"href":"https:\/\/muzejtravnik.ba\/en\/wp-json\/wp\/v2\/pages\/1925"}],"wp:attachment":[{"href":"https:\/\/muzejtravnik.ba\/en\/wp-json\/wp\/v2\/media?parent=1868"}],"curies":[{"name":"wp","href":"https:\/\/api.w.org\/{rel}","templated":true}]}}